{"id":158,"date":"2018-06-25T02:26:49","date_gmt":"2018-06-25T02:26:49","guid":{"rendered":"https:\/\/redalforja.org.gt\/libros\/?post_type=al_product&#038;p=158"},"modified":"2018-07-01T03:16:42","modified_gmt":"2018-07-01T03:16:42","slug":"pido-la-palabra","status":"publish","type":"al_product","link":"https:\/\/redalforja.org.gt\/libros\/?producto=pido-la-palabra","title":{"rendered":"\u00a1PIDO LA PALABRA!"},"content":{"rendered":"<p>En el proceso de formaci\u00f3n, conforme se avanza hacia \u00e1reas de capacitaci\u00f3n m\u00e1s complejas, suelen desatenderse aspectos tan elementales como el hecho de saber conducir las discusiones en un grupo de trabajo. Lo que el autor de estos apuntes comparte, refleja de alguna manera la forma en que \u00e9l ha venido procesando su aprendizaje: sus veinte a\u00f1os como promotor popular. Se expresan el estilo y el deseo de compartir de un hombre que ha asimilado m\u00e1s de la vida que del aula, que ha sido campesino, marinero, alba\u00f1il orfebre, cantador y bromista incorregible, cuenta cuentos, actor, dirigente barrial\u2026 educador popular.<\/p>\n","protected":false},"excerpt":{"rendered":"<p>En el proceso de formaci\u00f3n, conforme se avanza hacia \u00e1reas de capacitaci\u00f3n m\u00e1s complejas, suelen desatenderse aspectos tan elementales como el hecho de saber conducir las discusiones en un grupo de trabajo. Lo que el autor de estos apuntes comparte, refleja de alguna manera la forma en que \u00e9l ha venido procesando su aprendizaje: sus [&hellip;]<\/p>\n","protected":false},"featured_media":159,"template":"","meta":{"_thumbnail_id":159,"_price":2},"al_product-cat":[21],"_links":{"self":[{"href":"https:\/\/redalforja.org.gt\/libros\/index.php?rest_route=\/wp\/v2\/al_product\/158"}],"collection":[{"href":"https:\/\/redalforja.org.gt\/libros\/index.php?rest_route=\/wp\/v2\/al_product"}],"about":[{"href":"https:\/\/redalforja.org.gt\/libros\/index.php?rest_route=\/wp\/v2\/types\/al_product"}],"wp:featuredmedia":[{"embeddable":true,"href":"https:\/\/redalforja.org.gt\/libros\/index.php?rest_route=\/wp\/v2\/media\/159"}],"wp:attachment":[{"href":"https:\/\/redalforja.org.gt\/libros\/index.php?rest_route=%2Fwp%2Fv2%2Fmedia&parent=158"}],"wp:term":[{"taxonomy":"al_product-cat","embeddable":true,"href":"https:\/\/redalforja.org.gt\/libros\/index.php?rest_route=%2Fwp%2Fv2%2Fal_product-cat&post=158"}],"curies":[{"name":"wp","href":"https:\/\/api.w.org\/{rel}","templated":true}]}}