{"id":107,"date":"2019-09-26T23:51:40","date_gmt":"2019-09-26T23:51:40","guid":{"rendered":"https:\/\/redalforja.org.gt\/FormacionPolitica\/?page_id=107"},"modified":"2019-09-27T00:06:10","modified_gmt":"2019-09-27T00:06:10","slug":"videos-escuela-mesoamericana-2017","status":"publish","type":"page","link":"https:\/\/redalforja.org.gt\/FormacionPolitica\/videos-escuela-mesoamericana-2017\/","title":{"rendered":"Videos escuela mesoamericana 2017"},"content":{"rendered":"\n<p class=\"has-medium-font-size\"> Compartimos con ustedes los videos que se utilizaron para la Escuela Mesoamericana 2017.&nbsp; <\/p>\n\n\n\n<p><strong>V\u00eddeo: De Zapata a los Zapatistas<\/strong><\/p>\n\n\n\n<figure class=\"wp-block-embed-youtube wp-block-embed is-type-video is-provider-youtube wp-embed-aspect-4-3 wp-has-aspect-ratio\"><div class=\"wp-block-embed__wrapper\">\n<iframe loading=\"lazy\" title=\"1 4 De Zapata a los zapatistas VHS Rip Divx 5 03 Castellano by rubio\" width=\"474\" height=\"356\" src=\"https:\/\/www.youtube.com\/embed\/CX6GmtpPQLk?feature=oembed\" frameborder=\"0\" allow=\"accelerometer; autoplay; encrypted-media; gyroscope; picture-in-picture\" allowfullscreen><\/iframe>\n<\/div><\/figure>\n\n\n\n<p><strong>V\u00eddeo: El Siglo del Viento<\/strong><\/p>\n\n\n\n<figure class=\"wp-block-embed-youtube wp-block-embed is-type-video is-provider-youtube wp-embed-aspect-4-3 wp-has-aspect-ratio\"><div class=\"wp-block-embed__wrapper\">\n<iframe loading=\"lazy\" title=\"El siglo del viento\" width=\"474\" height=\"356\" src=\"https:\/\/www.youtube.com\/embed\/qoEfaENlChk?feature=oembed\" frameborder=\"0\" allow=\"accelerometer; autoplay; encrypted-media; gyroscope; picture-in-picture\" allowfullscreen><\/iframe>\n<\/div><\/figure>\n\n\n\n<p><strong>V\u00eddeo: \u00c1lvaro Garc\u00eda Linera. Comunidad, socialismo y Estado Plurinacional<\/strong><\/p>\n\n\n\n<figure class=\"wp-block-embed-youtube wp-block-embed is-type-video is-provider-youtube wp-embed-aspect-4-3 wp-has-aspect-ratio\"><div class=\"wp-block-embed__wrapper\">\n<iframe loading=\"lazy\" title=\"Charla Magistral: \u00c1lvaro Garc\u00eda Linera\" width=\"474\" height=\"356\" src=\"https:\/\/www.youtube.com\/embed\/4JJlxgGVxXk?feature=oembed\" frameborder=\"0\" allow=\"accelerometer; autoplay; encrypted-media; gyroscope; picture-in-picture\" allowfullscreen><\/iframe>\n<\/div><\/figure>\n\n\n\n<p><strong> Video:\u00a0Enrique Dussel y otra mirada sobre la historia universal <\/strong><\/p>\n\n\n\n<figure class=\"wp-block-embed-youtube wp-block-embed is-type-video is-provider-youtube wp-embed-aspect-4-3 wp-has-aspect-ratio\"><div class=\"wp-block-embed__wrapper\">\n<iframe loading=\"lazy\" title=\"Enrique Dussel y otra mirada sobre la historia universal\" width=\"474\" height=\"356\" src=\"https:\/\/www.youtube.com\/embed\/62W5fvhzbKk?feature=oembed\" frameborder=\"0\" allow=\"accelerometer; autoplay; encrypted-media; gyroscope; picture-in-picture\" allowfullscreen><\/iframe>\n<\/div><\/figure>\n\n\n\n<p><strong> \u00a0Video:\u00a0Feminismo en Am\u00e9rica Latina.Entrevista a Claudia Korol, activista de Pa\u00f1uelos en Rebeld\u00eda <\/strong><\/p>\n\n\n\n<figure class=\"wp-block-embed-youtube wp-block-embed is-type-video is-provider-youtube wp-embed-aspect-16-9 wp-has-aspect-ratio\"><div class=\"wp-block-embed__wrapper\">\n<iframe loading=\"lazy\" title=\"Feminismo en Am\u00e9rica Latina.Entrevista a Claudia Korol, activista de Pa\u00f1uelos en Rebeld\u00eda\" width=\"474\" height=\"267\" src=\"https:\/\/www.youtube.com\/embed\/GXNPDOXaXxI?feature=oembed\" frameborder=\"0\" allow=\"accelerometer; autoplay; encrypted-media; gyroscope; picture-in-picture\" allowfullscreen><\/iframe>\n<\/div><\/figure>\n","protected":false},"excerpt":{"rendered":"<p>Compartimos con ustedes los videos que se utilizaron para la Escuela Mesoamericana 2017.&nbsp; V\u00eddeo: De Zapata a los Zapatistas V\u00eddeo: El Siglo del Viento V\u00eddeo: \u00c1lvaro Garc\u00eda Linera. Comunidad, socialismo y Estado Plurinacional Video:\u00a0Enrique Dussel y otra mirada sobre la historia universal \u00a0Video:\u00a0Feminismo en Am\u00e9rica Latina.Entrevista a Claudia Korol, activista de Pa\u00f1uelos en Rebeld\u00eda<\/p>\n","protected":false},"author":1,"featured_media":0,"parent":0,"menu_order":0,"comment_status":"closed","ping_status":"closed","template":"","meta":[],"_links":{"self":[{"href":"https:\/\/redalforja.org.gt\/FormacionPolitica\/wp-json\/wp\/v2\/pages\/107"}],"collection":[{"href":"https:\/\/redalforja.org.gt\/FormacionPolitica\/wp-json\/wp\/v2\/pages"}],"about":[{"href":"https:\/\/redalforja.org.gt\/FormacionPolitica\/wp-json\/wp\/v2\/types\/page"}],"author":[{"embeddable":true,"href":"https:\/\/redalforja.org.gt\/FormacionPolitica\/wp-json\/wp\/v2\/users\/1"}],"replies":[{"embeddable":true,"href":"https:\/\/redalforja.org.gt\/FormacionPolitica\/wp-json\/wp\/v2\/comments?post=107"}],"version-history":[{"count":3,"href":"https:\/\/redalforja.org.gt\/FormacionPolitica\/wp-json\/wp\/v2\/pages\/107\/revisions"}],"predecessor-version":[{"id":111,"href":"https:\/\/redalforja.org.gt\/FormacionPolitica\/wp-json\/wp\/v2\/pages\/107\/revisions\/111"}],"wp:attachment":[{"href":"https:\/\/redalforja.org.gt\/FormacionPolitica\/wp-json\/wp\/v2\/media?parent=107"}],"curies":[{"name":"wp","href":"https:\/\/api.w.org\/{rel}","templated":true}]}}